{"id":1632,"date":"2016-06-29T13:26:20","date_gmt":"2016-06-29T11:26:20","guid":{"rendered":"http:\/\/www.ata-modena.com\/fr\/?page_id=1632"},"modified":"2019-10-04T16:21:28","modified_gmt":"2019-10-04T14:21:28","slug":"usato-e-noleggio","status":"publish","type":"page","link":"https:\/\/www.ata-modena.com\/fr\/usato-e-noleggio\/","title":{"rendered":"Utilis\u00e9 et location"},"content":{"rendered":"<p><div class=\"fusion-fullwidth fullwidth-box fusion-builder-row-1 hundred-percent-fullwidth non-hundred-percent-height-scrolling\" style=\"--awb-border-radius-top-left:0px;--awb-border-radius-top-right:0px;--awb-border-radius-bottom-right:0px;--awb-border-radius-bottom-left:0px;--awb-overflow:visible;--awb-flex-wrap:wrap;\" ><div class=\"fusion-builder-row fusion-row\"><div class=\"fusion-layout-column fusion_builder_column fusion-builder-column-0 fusion_builder_column_1_1 1_1 fusion-one-full fusion-column-first fusion-column-last\" style=\"--awb-bg-size:cover;\"><div class=\"fusion-column-wrapper fusion-flex-column-wrapper-legacy\"><div class=\"fusion-text fusion-text-1\"><h1>Utilise et location des tracteurs a\u00e9roportuaire et pour l\u2019industrie<\/h1>\n<h2>Chez ATA tu trouve toujours disponibilit\u00e9 des produits utilis\u00e9s, reconditionn\u00e9s ou pas, disponibles aussi pour la location. Trouve la meilleure offre et choisi !<\/h2>\n<\/div><div class=\"fusion-sep-clear\"><\/div><div class=\"fusion-separator fusion-full-width-sep\" style=\"margin-left: auto;margin-right: auto;margin-top:20px;margin-bottom:20px;width:100%;\"><div class=\"fusion-separator-border sep-single sep-dashed\" style=\"--awb-height:20px;--awb-amount:20px;border-color:#e0dede;border-top-width:1px;\"><\/div><\/div><div class=\"fusion-sep-clear\"><\/div><div class=\"fusion-clearfix\"><\/div><\/div><\/div><\/div><\/div><div class=\"fusion-fullwidth fullwidth-box fusion-builder-row-2 nonhundred-percent-fullwidth non-hundred-percent-height-scrolling\" style=\"--awb-background-position:left top;--awb-border-radius-top-left:0px;--awb-border-radius-top-right:0px;--awb-border-radius-bottom-right:0px;--awb-border-radius-bottom-left:0px;--awb-padding-top:0px;--awb-padding-bottom:20px;--awb-border-sizes-top:0px;--awb-border-sizes-bottom:0px;--awb-flex-wrap:wrap;\" ><div class=\"fusion-builder-row fusion-row\"><div class=\"fusion-layout-column fusion_builder_column fusion-builder-column-1 fusion_builder_column_1_4 1_4 fusion-one-fourth fusion-column-first\" style=\"--awb-bg-size:cover;width:22%; margin-right: 4%;\"><div class=\"fusion-column-wrapper fusion-flex-column-wrapper-legacy\"><div class=\"fusion-image-element in-legacy-container\" style=\"--awb-caption-title-font-family:var(--h2_typography-font-family);--awb-caption-title-font-weight:var(--h2_typography-font-weight);--awb-caption-title-font-style:var(--h2_typography-font-style);--awb-caption-title-size:var(--h2_typography-font-size);--awb-caption-title-transform:var(--h2_typography-text-transform);--awb-caption-title-line-height:var(--h2_typography-line-height);--awb-caption-title-letter-spacing:var(--h2_typography-letter-spacing);\"><span class=\" fusion-imageframe imageframe-none imageframe-1 hover-type-none\"><img decoding=\"async\" width=\"270\" height=\"270\" alt=\"NR. 3 ATA 3600, anno di fabbricazione 2011, totalmente revisionati di meccanica e carrozzeria\" title=\"ata-modena-tow-tractor-ata-3600-usato-noleggio\" src=\"https:\/\/www.ata-modena.com\/wp-content\/uploads\/2016\/02\/ata-modena-tow-tractor-ata-3600-usato-noleggio.png\" class=\"img-responsive wp-image-2345\" srcset=\"https:\/\/www.ata-modena.com\/wp-content\/uploads\/2016\/02\/ata-modena-tow-tractor-ata-3600-usato-noleggio-66x66.png 66w, https:\/\/www.ata-modena.com\/wp-content\/uploads\/2016\/02\/ata-modena-tow-tractor-ata-3600-usato-noleggio-150x150.png 150w, https:\/\/www.ata-modena.com\/wp-content\/uploads\/2016\/02\/ata-modena-tow-tractor-ata-3600-usato-noleggio.png 270w\" sizes=\"(max-width: 270px) 100vw, 270px\" \/><\/span><\/div><div class=\"fusion-sep-clear\"><\/div><div class=\"fusion-separator fusion-full-width-sep\" style=\"margin-left: auto;margin-right: auto;margin-top:10px;margin-bottom:10px;width:100%;\"><div class=\"fusion-separator-border sep-single sep-solid\" style=\"--awb-height:20px;--awb-amount:20px;--awb-sep-color:#ffffff;border-color:#ffffff;border-top-width:2px;\"><\/div><\/div><div class=\"fusion-sep-clear\"><\/div><div class=\"fusion-clearfix\"><\/div><\/div><\/div><div class=\"fusion-layout-column fusion_builder_column fusion-builder-column-2 fusion_builder_column_1_4 1_4 fusion-one-fourth\" style=\"--awb-bg-size:cover;width:22%; margin-right: 4%;\"><div class=\"fusion-column-wrapper fusion-flex-column-wrapper-legacy\"><div class=\"fusion-image-element in-legacy-container\" style=\"--awb-caption-title-font-family:var(--h2_typography-font-family);--awb-caption-title-font-weight:var(--h2_typography-font-weight);--awb-caption-title-font-style:var(--h2_typography-font-style);--awb-caption-title-size:var(--h2_typography-font-size);--awb-caption-title-transform:var(--h2_typography-text-transform);--awb-caption-title-line-height:var(--h2_typography-line-height);--awb-caption-title-letter-spacing:var(--h2_typography-letter-spacing);\"><span class=\" fusion-imageframe imageframe-none imageframe-2 hover-type-none\"><img decoding=\"async\" width=\"270\" height=\"270\" alt=\"NR. 1 ATA 3600, da revisionare di carrozzeria, anno di fabbricazione 2011\" title=\"ata-modena-tow-tractor-ata-3600-usato-noleggio-2\" src=\"https:\/\/www.ata-modena.com\/wp-content\/uploads\/2016\/02\/ata-modena-tow-tractor-ata-3600-usato-noleggio-2.png\" class=\"img-responsive wp-image-2347\" srcset=\"https:\/\/www.ata-modena.com\/wp-content\/uploads\/2016\/02\/ata-modena-tow-tractor-ata-3600-usato-noleggio-2-66x66.png 66w, https:\/\/www.ata-modena.com\/wp-content\/uploads\/2016\/02\/ata-modena-tow-tractor-ata-3600-usato-noleggio-2-150x150.png 150w, https:\/\/www.ata-modena.com\/wp-content\/uploads\/2016\/02\/ata-modena-tow-tractor-ata-3600-usato-noleggio-2.png 270w\" sizes=\"(max-width: 270px) 100vw, 270px\" \/><\/span><\/div><div class=\"fusion-sep-clear\"><\/div><div class=\"fusion-separator fusion-full-width-sep\" style=\"margin-left: auto;margin-right: auto;margin-top:10px;margin-bottom:10px;width:100%;\"><div class=\"fusion-separator-border sep-single sep-solid\" style=\"--awb-height:20px;--awb-amount:20px;--awb-sep-color:#ffffff;border-color:#ffffff;border-top-width:2px;\"><\/div><\/div><div class=\"fusion-sep-clear\"><\/div><div class=\"fusion-clearfix\"><\/div><\/div><\/div><div class=\"fusion-layout-column fusion_builder_column fusion-builder-column-3 fusion_builder_column_1_4 1_4 fusion-one-fourth\" style=\"--awb-bg-size:cover;width:22%; margin-right: 4%;\"><div class=\"fusion-column-wrapper fusion-flex-column-wrapper-legacy\"><div class=\"fusion-image-element in-legacy-container\" style=\"--awb-caption-title-font-family:var(--h2_typography-font-family);--awb-caption-title-font-weight:var(--h2_typography-font-weight);--awb-caption-title-font-style:var(--h2_typography-font-style);--awb-caption-title-size:var(--h2_typography-font-size);--awb-caption-title-transform:var(--h2_typography-text-transform);--awb-caption-title-line-height:var(--h2_typography-line-height);--awb-caption-title-letter-spacing:var(--h2_typography-letter-spacing);\"><span class=\" fusion-imageframe imageframe-none imageframe-3 hover-type-none\"><img decoding=\"async\" width=\"270\" height=\"270\" alt=\"NR. 2 ATA 3600 LPG in buone condizioni generali, riverniciati\" title=\"ata-modena-tow-tractor-ata-3600-LPG-usato-noleggio\" src=\"https:\/\/www.ata-modena.com\/wp-content\/uploads\/2016\/02\/ata-modena-tow-tractor-ata-3600-LPG-usato-noleggio.png\" class=\"img-responsive wp-image-2349\" srcset=\"https:\/\/www.ata-modena.com\/wp-content\/uploads\/2016\/02\/ata-modena-tow-tractor-ata-3600-LPG-usato-noleggio-66x66.png 66w, https:\/\/www.ata-modena.com\/wp-content\/uploads\/2016\/02\/ata-modena-tow-tractor-ata-3600-LPG-usato-noleggio-150x150.png 150w, https:\/\/www.ata-modena.com\/wp-content\/uploads\/2016\/02\/ata-modena-tow-tractor-ata-3600-LPG-usato-noleggio.png 270w\" sizes=\"(max-width: 270px) 100vw, 270px\" \/><\/span><\/div><div class=\"fusion-sep-clear\"><\/div><div class=\"fusion-separator fusion-full-width-sep\" style=\"margin-left: auto;margin-right: auto;margin-top:10px;margin-bottom:10px;width:100%;\"><div class=\"fusion-separator-border sep-single sep-solid\" style=\"--awb-height:20px;--awb-amount:20px;--awb-sep-color:#ffffff;border-color:#ffffff;border-top-width:2px;\"><\/div><\/div><div class=\"fusion-sep-clear\"><\/div><div class=\"fusion-clearfix\"><\/div><\/div><\/div><div class=\"fusion-layout-column fusion_builder_column fusion-builder-column-4 fusion_builder_column_1_4 1_4 fusion-one-fourth fusion-column-last\" style=\"--awb-bg-size:cover;width:22%;\"><div class=\"fusion-column-wrapper fusion-flex-column-wrapper-legacy\"><div class=\"fusion-image-element in-legacy-container\" style=\"--awb-caption-title-font-family:var(--h2_typography-font-family);--awb-caption-title-font-weight:var(--h2_typography-font-weight);--awb-caption-title-font-style:var(--h2_typography-font-style);--awb-caption-title-size:var(--h2_typography-font-size);--awb-caption-title-transform:var(--h2_typography-text-transform);--awb-caption-title-line-height:var(--h2_typography-line-height);--awb-caption-title-letter-spacing:var(--h2_typography-letter-spacing);\"><span class=\" fusion-imageframe imageframe-none imageframe-4 hover-type-none\"><img decoding=\"async\" width=\"270\" height=\"270\" alt=\"NR. 3 TRAINATORI ELETTRICI 5 TON, ATA TR28, capacit\u00e0 5 ton\" title=\"ata-modena-tow-tractor-trainatore-elettrico-usato-noleggio\" src=\"https:\/\/www.ata-modena.com\/wp-content\/uploads\/2016\/02\/ata-modena-tow-tractor-trainatore-elettrico-usato-noleggio.png\" class=\"img-responsive wp-image-2351\" srcset=\"https:\/\/www.ata-modena.com\/wp-content\/uploads\/2016\/02\/ata-modena-tow-tractor-trainatore-elettrico-usato-noleggio-66x66.png 66w, https:\/\/www.ata-modena.com\/wp-content\/uploads\/2016\/02\/ata-modena-tow-tractor-trainatore-elettrico-usato-noleggio-150x150.png 150w, https:\/\/www.ata-modena.com\/wp-content\/uploads\/2016\/02\/ata-modena-tow-tractor-trainatore-elettrico-usato-noleggio.png 270w\" sizes=\"(max-width: 270px) 100vw, 270px\" \/><\/span><\/div><div class=\"fusion-sep-clear\"><\/div><div class=\"fusion-separator fusion-full-width-sep\" style=\"margin-left: auto;margin-right: auto;margin-top:10px;margin-bottom:10px;width:100%;\"><div class=\"fusion-separator-border sep-single sep-solid\" style=\"--awb-height:20px;--awb-amount:20px;--awb-sep-color:#ffffff;border-color:#ffffff;border-top-width:2px;\"><\/div><\/div><div class=\"fusion-sep-clear\"><\/div><div class=\"fusion-clearfix\"><\/div><\/div><\/div><div class=\"fusion-layout-column fusion_builder_column fusion-builder-column-5 fusion_builder_column_1_4 1_4 fusion-one-fourth fusion-column-first\" style=\"--awb-bg-size:cover;width:22%; margin-right: 4%;\"><div class=\"fusion-column-wrapper fusion-flex-column-wrapper-legacy\"><div class=\"fusion-image-element in-legacy-container\" style=\"--awb-caption-title-font-family:var(--h2_typography-font-family);--awb-caption-title-font-weight:var(--h2_typography-font-weight);--awb-caption-title-font-style:var(--h2_typography-font-style);--awb-caption-title-size:var(--h2_typography-font-size);--awb-caption-title-transform:var(--h2_typography-text-transform);--awb-caption-title-line-height:var(--h2_typography-line-height);--awb-caption-title-letter-spacing:var(--h2_typography-letter-spacing);\"><span class=\" fusion-imageframe imageframe-none imageframe-5 hover-type-none\"><img decoding=\"async\" width=\"270\" height=\"270\" alt=\"NR. 1 TRATTORE TLD, revisionato di meccanica e carrozzeria, anno di Fabbricazione 2008\" title=\"ata-modena-tow-tractor-trattore-ltd-usato-noleggio\" src=\"https:\/\/www.ata-modena.com\/wp-content\/uploads\/2016\/02\/ata-modena-tow-tractor-trattore-ltd-usato-noleggio.png\" class=\"img-responsive wp-image-2353\" srcset=\"https:\/\/www.ata-modena.com\/wp-content\/uploads\/2016\/02\/ata-modena-tow-tractor-trattore-ltd-usato-noleggio-66x66.png 66w, https:\/\/www.ata-modena.com\/wp-content\/uploads\/2016\/02\/ata-modena-tow-tractor-trattore-ltd-usato-noleggio-150x150.png 150w, https:\/\/www.ata-modena.com\/wp-content\/uploads\/2016\/02\/ata-modena-tow-tractor-trattore-ltd-usato-noleggio.png 270w\" sizes=\"(max-width: 270px) 100vw, 270px\" \/><\/span><\/div><div class=\"fusion-sep-clear\"><\/div><div class=\"fusion-separator fusion-full-width-sep\" style=\"margin-left: auto;margin-right: auto;margin-top:10px;margin-bottom:10px;width:100%;\"><div class=\"fusion-separator-border sep-single sep-solid\" style=\"--awb-height:20px;--awb-amount:20px;--awb-sep-color:#ffffff;border-color:#ffffff;border-top-width:2px;\"><\/div><\/div><div class=\"fusion-sep-clear\"><\/div><div class=\"fusion-clearfix\"><\/div><\/div><\/div><div class=\"fusion-layout-column fusion_builder_column fusion-builder-column-6 fusion_builder_column_1_4 1_4 fusion-one-fourth\" style=\"--awb-bg-size:cover;width:22%; margin-right: 4%;\"><div class=\"fusion-column-wrapper fusion-flex-column-wrapper-legacy\"><div class=\"fusion-image-element in-legacy-container\" style=\"--awb-caption-title-font-family:var(--h2_typography-font-family);--awb-caption-title-font-weight:var(--h2_typography-font-weight);--awb-caption-title-font-style:var(--h2_typography-font-style);--awb-caption-title-size:var(--h2_typography-font-size);--awb-caption-title-transform:var(--h2_typography-text-transform);--awb-caption-title-line-height:var(--h2_typography-line-height);--awb-caption-title-letter-spacing:var(--h2_typography-letter-spacing);\"><span class=\" fusion-imageframe imageframe-none imageframe-6 hover-type-none\"><img decoding=\"async\" width=\"270\" height=\"270\" alt=\"NR. 2 TRATTORI TLD da revisionare, anno di fabbricazione 2008 \" title=\"ata-modena-tow-tractor-trattore-ltd-da-revisionareusato-noleggio\" src=\"https:\/\/www.ata-modena.com\/wp-content\/uploads\/2016\/02\/ata-modena-tow-tractor-trattore-ltd-da-revisionareusato-noleggio.png\" class=\"img-responsive wp-image-2355\" srcset=\"https:\/\/www.ata-modena.com\/wp-content\/uploads\/2016\/02\/ata-modena-tow-tractor-trattore-ltd-da-revisionareusato-noleggio-66x66.png 66w, https:\/\/www.ata-modena.com\/wp-content\/uploads\/2016\/02\/ata-modena-tow-tractor-trattore-ltd-da-revisionareusato-noleggio-150x150.png 150w, https:\/\/www.ata-modena.com\/wp-content\/uploads\/2016\/02\/ata-modena-tow-tractor-trattore-ltd-da-revisionareusato-noleggio.png 270w\" sizes=\"(max-width: 270px) 100vw, 270px\" \/><\/span><\/div><div class=\"fusion-sep-clear\"><\/div><div class=\"fusion-separator fusion-full-width-sep\" style=\"margin-left: auto;margin-right: auto;margin-top:10px;margin-bottom:10px;width:100%;\"><div class=\"fusion-separator-border sep-single sep-solid\" style=\"--awb-height:20px;--awb-amount:20px;--awb-sep-color:#ffffff;border-color:#ffffff;border-top-width:2px;\"><\/div><\/div><div class=\"fusion-sep-clear\"><\/div><div class=\"fusion-clearfix\"><\/div><\/div><\/div><div class=\"fusion-layout-column fusion_builder_column fusion-builder-column-7 fusion_builder_column_1_4 1_4 fusion-one-fourth\" style=\"--awb-bg-size:cover;width:22%; margin-right: 4%;\"><div class=\"fusion-column-wrapper fusion-flex-column-wrapper-legacy\"><div class=\"fusion-image-element in-legacy-container\" style=\"--awb-caption-title-font-family:var(--h2_typography-font-family);--awb-caption-title-font-weight:var(--h2_typography-font-weight);--awb-caption-title-font-style:var(--h2_typography-font-style);--awb-caption-title-size:var(--h2_typography-font-size);--awb-caption-title-transform:var(--h2_typography-text-transform);--awb-caption-title-line-height:var(--h2_typography-line-height);--awb-caption-title-letter-spacing:var(--h2_typography-letter-spacing);\"><span class=\" fusion-imageframe imageframe-none imageframe-7 hover-type-none\"><img decoding=\"async\" width=\"270\" height=\"270\" alt=\"NR. 1 TRATTORE ZEPHIR 350 NC, anno 1988\" title=\"ata-modena-tow-tractor-usato-noleggio-generico\" src=\"https:\/\/www.ata-modena.com\/wp-content\/uploads\/2016\/02\/ata-modena-tow-tractor-usato-noleggio-generico.png\" class=\"img-responsive wp-image-2363\" srcset=\"https:\/\/www.ata-modena.com\/wp-content\/uploads\/2016\/02\/ata-modena-tow-tractor-usato-noleggio-generico-66x66.png 66w, https:\/\/www.ata-modena.com\/wp-content\/uploads\/2016\/02\/ata-modena-tow-tractor-usato-noleggio-generico-150x150.png 150w, https:\/\/www.ata-modena.com\/wp-content\/uploads\/2016\/02\/ata-modena-tow-tractor-usato-noleggio-generico.png 270w\" sizes=\"(max-width: 270px) 100vw, 270px\" \/><\/span><\/div><div class=\"fusion-sep-clear\"><\/div><div class=\"fusion-separator fusion-full-width-sep\" style=\"margin-left: auto;margin-right: auto;margin-top:10px;margin-bottom:10px;width:100%;\"><div class=\"fusion-separator-border sep-single sep-solid\" style=\"--awb-height:20px;--awb-amount:20px;--awb-sep-color:#ffffff;border-color:#ffffff;border-top-width:2px;\"><\/div><\/div><div class=\"fusion-sep-clear\"><\/div><div class=\"fusion-clearfix\"><\/div><\/div><\/div><div class=\"fusion-layout-column fusion_builder_column fusion-builder-column-8 fusion_builder_column_1_4 1_4 fusion-one-fourth fusion-column-last\" style=\"--awb-bg-size:cover;width:22%;\"><div class=\"fusion-column-wrapper fusion-flex-column-wrapper-legacy\"><div class=\"fusion-image-element in-legacy-container\" style=\"--awb-caption-title-font-family:var(--h2_typography-font-family);--awb-caption-title-font-weight:var(--h2_typography-font-weight);--awb-caption-title-font-style:var(--h2_typography-font-style);--awb-caption-title-size:var(--h2_typography-font-size);--awb-caption-title-transform:var(--h2_typography-text-transform);--awb-caption-title-line-height:var(--h2_typography-line-height);--awb-caption-title-letter-spacing:var(--h2_typography-letter-spacing);\"><span class=\" fusion-imageframe imageframe-none imageframe-8 hover-type-none\"><img decoding=\"async\" width=\"270\" height=\"270\" alt=\"NR. 1 TRATTORE - GPU 28.5 VOLT DC SIMAI, ottime condizioni generali, 400 ore di lavoro\" title=\"ata-modena-tow-tractor-gpu-simai-aeroporto-usato-noleggio\" src=\"https:\/\/www.ata-modena.com\/wp-content\/uploads\/2016\/02\/ata-modena-tow-tractor-gpu-simai-aeroporto-usato-noleggio.png\" class=\"img-responsive wp-image-2357\" srcset=\"https:\/\/www.ata-modena.com\/wp-content\/uploads\/2016\/02\/ata-modena-tow-tractor-gpu-simai-aeroporto-usato-noleggio-66x66.png 66w, https:\/\/www.ata-modena.com\/wp-content\/uploads\/2016\/02\/ata-modena-tow-tractor-gpu-simai-aeroporto-usato-noleggio-150x150.png 150w, https:\/\/www.ata-modena.com\/wp-content\/uploads\/2016\/02\/ata-modena-tow-tractor-gpu-simai-aeroporto-usato-noleggio.png 270w\" sizes=\"(max-width: 270px) 100vw, 270px\" \/><\/span><\/div><div class=\"fusion-sep-clear\"><\/div><div class=\"fusion-separator fusion-full-width-sep\" style=\"margin-left: auto;margin-right: auto;margin-top:10px;margin-bottom:10px;width:100%;\"><div class=\"fusion-separator-border sep-single sep-solid\" style=\"--awb-height:20px;--awb-amount:20px;--awb-sep-color:#ffffff;border-color:#ffffff;border-top-width:2px;\"><\/div><\/div><div class=\"fusion-sep-clear\"><\/div><div class=\"fusion-clearfix\"><\/div><\/div><\/div><div class=\"fusion-layout-column fusion_builder_column fusion-builder-column-9 fusion_builder_column_1_4 1_4 fusion-one-fourth fusion-column-first\" style=\"--awb-bg-size:cover;width:22%; margin-right: 4%;\"><div class=\"fusion-column-wrapper fusion-flex-column-wrapper-legacy\"><div class=\"fusion-image-element in-legacy-container\" style=\"--awb-caption-title-font-family:var(--h2_typography-font-family);--awb-caption-title-font-weight:var(--h2_typography-font-weight);--awb-caption-title-font-style:var(--h2_typography-font-style);--awb-caption-title-size:var(--h2_typography-font-size);--awb-caption-title-transform:var(--h2_typography-text-transform);--awb-caption-title-line-height:var(--h2_typography-line-height);--awb-caption-title-letter-spacing:var(--h2_typography-letter-spacing);\"><span class=\" fusion-imageframe imageframe-none imageframe-9 hover-type-none\"><img decoding=\"async\" width=\"270\" height=\"270\" alt=\"NR. 1 GPU HOBART 60 KVA, completo di gruppo 28.5 Volt DC, in ottimo stato, anno di fabbricazione 2012 \" title=\"ata-modena-tow-tractor-usato-gpu-hobart-aeroporto-noleggio\" src=\"https:\/\/www.ata-modena.com\/wp-content\/uploads\/2016\/02\/ata-modena-tow-tractor-usato-gpu-hobart-aeroporto-noleggio.png\" class=\"img-responsive wp-image-2361\" srcset=\"https:\/\/www.ata-modena.com\/wp-content\/uploads\/2016\/02\/ata-modena-tow-tractor-usato-gpu-hobart-aeroporto-noleggio-66x66.png 66w, https:\/\/www.ata-modena.com\/wp-content\/uploads\/2016\/02\/ata-modena-tow-tractor-usato-gpu-hobart-aeroporto-noleggio-150x150.png 150w, https:\/\/www.ata-modena.com\/wp-content\/uploads\/2016\/02\/ata-modena-tow-tractor-usato-gpu-hobart-aeroporto-noleggio.png 270w\" sizes=\"(max-width: 270px) 100vw, 270px\" \/><\/span><\/div><div class=\"fusion-sep-clear\"><\/div><div class=\"fusion-separator fusion-full-width-sep\" style=\"margin-left: auto;margin-right: auto;margin-top:10px;margin-bottom:10px;width:100%;\"><div class=\"fusion-separator-border sep-single sep-solid\" style=\"--awb-height:20px;--awb-amount:20px;--awb-sep-color:#ffffff;border-color:#ffffff;border-top-width:2px;\"><\/div><\/div><div class=\"fusion-sep-clear\"><\/div><div class=\"fusion-clearfix\"><\/div><\/div><\/div><div class=\"fusion-layout-column fusion_builder_column fusion-builder-column-10 fusion_builder_column_1_4 1_4 fusion-one-fourth\" style=\"--awb-bg-size:cover;width:22%; margin-right: 4%;\"><div class=\"fusion-column-wrapper fusion-flex-column-wrapper-legacy\"><div class=\"fusion-image-element in-legacy-container\" style=\"--awb-caption-title-font-family:var(--h2_typography-font-family);--awb-caption-title-font-weight:var(--h2_typography-font-weight);--awb-caption-title-font-style:var(--h2_typography-font-style);--awb-caption-title-size:var(--h2_typography-font-size);--awb-caption-title-transform:var(--h2_typography-text-transform);--awb-caption-title-line-height:var(--h2_typography-line-height);--awb-caption-title-letter-spacing:var(--h2_typography-letter-spacing);\"><span class=\" fusion-imageframe imageframe-none imageframe-10 hover-type-none\"><img decoding=\"async\" width=\"270\" height=\"270\" alt=\"NR. 1 GPU HUOCHIN 90 KVA, completo di gruppo 28.5 Volt DC, in ottimo stato\" title=\"ata-modena-tow-tractor-houchin-aeroporto-usato-noleggio\" src=\"https:\/\/www.ata-modena.com\/wp-content\/uploads\/2016\/02\/ata-modena-tow-tractor-houchin-aeroporto-usato-noleggio.png\" class=\"img-responsive wp-image-2359\" srcset=\"https:\/\/www.ata-modena.com\/wp-content\/uploads\/2016\/02\/ata-modena-tow-tractor-houchin-aeroporto-usato-noleggio-66x66.png 66w, https:\/\/www.ata-modena.com\/wp-content\/uploads\/2016\/02\/ata-modena-tow-tractor-houchin-aeroporto-usato-noleggio-150x150.png 150w, https:\/\/www.ata-modena.com\/wp-content\/uploads\/2016\/02\/ata-modena-tow-tractor-houchin-aeroporto-usato-noleggio.png 270w\" sizes=\"(max-width: 270px) 100vw, 270px\" \/><\/span><\/div><div class=\"fusion-sep-clear\"><\/div><div class=\"fusion-separator fusion-full-width-sep\" style=\"margin-left: auto;margin-right: auto;margin-top:10px;margin-bottom:10px;width:100%;\"><div class=\"fusion-separator-border sep-single sep-solid\" style=\"--awb-height:20px;--awb-amount:20px;--awb-sep-color:#ffffff;border-color:#ffffff;border-top-width:2px;\"><\/div><\/div><div class=\"fusion-sep-clear\"><\/div><div class=\"fusion-clearfix\"><\/div><\/div><\/div><div class=\"fusion-layout-column fusion_builder_column fusion-builder-column-11 fusion_builder_column_1_1 1_1 fusion-one-full fusion-column-last fusion-column-no-min-height\" style=\"--awb-bg-size:cover;--awb-margin-bottom:0px;\"><div class=\"fusion-column-wrapper fusion-flex-column-wrapper-legacy\"><div class=\"fusion-sep-clear\"><\/div><div class=\"fusion-separator fusion-has-icon fusion-full-width-sep\" style=\"margin-left: auto;margin-right: auto;margin-top:40px;margin-bottom:60px;width:100%;\"><div class=\"fusion-separator-border sep-single sep-dashed\" style=\"--awb-height:20px;--awb-amount:20px;border-color:#e0dede;border-top-width:1px;\"><\/div><span class=\"icon-wrapper\" style=\"border-color:#e0dede;background-color:rgba(255,255,255,0);font-size:14px;width: 1.75em; height: 1.75em;border-width:1px;padding:1px;margin-top:-0.5px\"><i class=\" fa fa-truck\" style=\"font-size: inherit;color:#e0dede;\" aria-hidden=\"true\"><\/i><\/span><div class=\"fusion-separator-border sep-single sep-dashed\" style=\"--awb-height:20px;--awb-amount:20px;border-color:#e0dede;border-top-width:1px;\"><\/div><\/div><div class=\"fusion-sep-clear\"><\/div><div class=\"fusion-clearfix\"><\/div><\/div><\/div><div class=\"fusion-layout-column fusion_builder_column fusion-builder-column-12 fusion_builder_column_1_1 1_1 fusion-one-full fusion-column-first fusion-column-last fusion-column-no-min-height\" style=\"--awb-bg-size:cover;--awb-margin-bottom:0px;\"><div class=\"fusion-column-wrapper fusion-flex-column-wrapper-legacy\"><div class=\"fusion-content-boxes content-boxes columns row fusion-columns-2 fusion-columns-total-2 fusion-content-boxes-1 content-boxes-icon-on-top content-left\" style=\"--awb-hover-accent-color:#e10707;--awb-circle-hover-accent-color:#e10707;\" data-animationOffset=\"top-into-view\"><div style=\"--awb-backgroundcolor:rgba(255,255,255,0);\" class=\"fusion-column content-box-column content-box-column content-box-column-1 col-lg-6 col-md-6 col-sm-6 fusion-content-box-hover content-box-column-first-in-row\"><div class=\"col content-box-wrapper content-wrapper link-area-link-icon link-type-text icon-hover-animation-fade\" data-animationOffset=\"top-into-view\"><div class=\"heading heading-with-icon icon-left\"><a class=\"heading-link\" href=\"https:\/\/www.ata-modena.com\/trattori-per-aeroporti\/\" target=\"_self\"><div class=\"icon\"><i style=\"border-color:#333333;border-width:1px;background-color:#333333;box-sizing:content-box;height:42px;width:42px;line-height:42px;border-radius:50%;font-size:21px;\" aria-hidden=\"true\" class=\"fontawesome-icon fa fa-plane circle-yes\"><\/i><\/div><h2 class=\"content-box-heading fusion-responsive-typography-calculated\" style=\"--h2_typography-font-size:18px;--fontSize:18;line-height:1.28;\">Trattori per l'aeroportuale<\/h2><\/a><\/div><div class=\"fusion-clearfix\"><\/div><div class=\"content-container\">Prodotti per il ground handling<\/div><\/div><\/div><div style=\"--awb-backgroundcolor:rgba(255,255,255,0);\" class=\"fusion-column content-box-column content-box-column content-box-column-2 col-lg-6 col-md-6 col-sm-6 fusion-content-box-hover content-box-column-last content-box-column-last-in-row\"><div class=\"col content-box-wrapper content-wrapper link-area-link-icon link-type-text icon-hover-animation-fade\" data-animationOffset=\"top-into-view\"><div class=\"heading heading-with-icon icon-left\"><a class=\"heading-link\" href=\"https:\/\/www.ata-modena.com\/trattori-per-industria\/\" target=\"_self\"><div class=\"icon\"><i style=\"border-color:#333333;border-width:1px;background-color:#333333;box-sizing:content-box;height:42px;width:42px;line-height:42px;border-radius:50%;font-size:21px;\" aria-hidden=\"true\" class=\"fontawesome-icon fa fa-industry circle-yes\"><\/i><\/div><h2 class=\"content-box-heading fusion-responsive-typography-calculated\" style=\"--h2_typography-font-size:18px;--fontSize:18;line-height:1.28;\">Trattori per l'industria<\/h2><\/a><\/div><div class=\"fusion-clearfix\"><\/div><div class=\"content-container\">Per movimentazione interna o esterna<\/div><\/div><\/div><div class=\"fusion-clearfix\"><\/div><\/div><div class=\"fusion-clearfix\"><\/div><\/div><\/div><\/div><\/div><\/p>\n","protected":false},"excerpt":{"rendered":"","protected":false},"author":31,"featured_media":0,"parent":0,"menu_order":0,"comment_status":"open","ping_status":"closed","template":"","meta":{"footnotes":""},"class_list":["post-1632","page","type-page","status-publish","hentry"],"yoast_head":"<!-- This site is optimized with the Yoast SEO plugin v27.5 - https:\/\/yoast.com\/product\/yoast-seo-wordpress\/ -->\n<title>Utilis\u00e9 et location - ATA Tow Tractors - Modena<\/title>\n<meta name=\"robots\" content=\"index, follow, max-snippet:-1, max-image-preview:large, max-video-preview:-1\" \/>\n<link rel=\"canonical\" href=\"https:\/\/www.ata-modena.com\/fr\/usato-e-noleggio\/\" \/>\n<meta property=\"og:locale\" content=\"fr_FR\" \/>\n<meta property=\"og:type\" content=\"article\" \/>\n<meta property=\"og:title\" content=\"Utilis\u00e9 et location - ATA Tow Tractors - Modena\" \/>\n<meta property=\"og:url\" content=\"https:\/\/www.ata-modena.com\/fr\/usato-e-noleggio\/\" \/>\n<meta property=\"og:site_name\" content=\"ATA Tow Tractors - Modena\" \/>\n<meta property=\"article:modified_time\" content=\"2019-10-04T14:21:28+00:00\" \/>\n<meta property=\"og:image\" content=\"https:\/\/www.ata-modena.com\/wp-content\/uploads\/2016\/02\/ata-modena-tow-tractor-ata-3600-usato-noleggio.png\" \/>\n<meta name=\"twitter:card\" content=\"summary_large_image\" \/>\n<meta name=\"twitter:label1\" content=\"Dur\u00e9e de lecture estim\u00e9e\" \/>\n\t<meta name=\"twitter:data1\" content=\"10 minutes\" \/>\n<script type=\"application\/ld+json\" class=\"yoast-schema-graph\">{\"@context\":\"https:\\\/\\\/schema.org\",\"@graph\":[{\"@type\":\"WebPage\",\"@id\":\"https:\\\/\\\/www.ata-modena.com\\\/fr\\\/usato-e-noleggio\\\/\",\"url\":\"https:\\\/\\\/www.ata-modena.com\\\/fr\\\/usato-e-noleggio\\\/\",\"name\":\"Utilis\u00e9 et location - ATA Tow Tractors - Modena\",\"isPartOf\":{\"@id\":\"https:\\\/\\\/www.ata-modena.com\\\/en\\\/#website\"},\"primaryImageOfPage\":{\"@id\":\"https:\\\/\\\/www.ata-modena.com\\\/fr\\\/usato-e-noleggio\\\/#primaryimage\"},\"image\":{\"@id\":\"https:\\\/\\\/www.ata-modena.com\\\/fr\\\/usato-e-noleggio\\\/#primaryimage\"},\"thumbnailUrl\":\"https:\\\/\\\/www.ata-modena.com\\\/wp-content\\\/uploads\\\/2016\\\/02\\\/ata-modena-tow-tractor-ata-3600-usato-noleggio.png\",\"datePublished\":\"2016-06-29T11:26:20+00:00\",\"dateModified\":\"2019-10-04T14:21:28+00:00\",\"breadcrumb\":{\"@id\":\"https:\\\/\\\/www.ata-modena.com\\\/fr\\\/usato-e-noleggio\\\/#breadcrumb\"},\"inLanguage\":\"fr-FR\",\"potentialAction\":[{\"@type\":\"ReadAction\",\"target\":[\"https:\\\/\\\/www.ata-modena.com\\\/fr\\\/usato-e-noleggio\\\/\"]}]},{\"@type\":\"ImageObject\",\"inLanguage\":\"fr-FR\",\"@id\":\"https:\\\/\\\/www.ata-modena.com\\\/fr\\\/usato-e-noleggio\\\/#primaryimage\",\"url\":\"https:\\\/\\\/www.ata-modena.com\\\/wp-content\\\/uploads\\\/2016\\\/02\\\/ata-modena-tow-tractor-ata-3600-usato-noleggio.png\",\"contentUrl\":\"https:\\\/\\\/www.ata-modena.com\\\/wp-content\\\/uploads\\\/2016\\\/02\\\/ata-modena-tow-tractor-ata-3600-usato-noleggio.png\"},{\"@type\":\"BreadcrumbList\",\"@id\":\"https:\\\/\\\/www.ata-modena.com\\\/fr\\\/usato-e-noleggio\\\/#breadcrumb\",\"itemListElement\":[{\"@type\":\"ListItem\",\"position\":1,\"name\":\"Home\",\"item\":\"https:\\\/\\\/www.ata-modena.com\\\/fr\\\/\"},{\"@type\":\"ListItem\",\"position\":2,\"name\":\"Utilis\u00e9 et location\"}]},{\"@type\":\"WebSite\",\"@id\":\"https:\\\/\\\/www.ata-modena.com\\\/en\\\/#website\",\"url\":\"https:\\\/\\\/www.ata-modena.com\\\/en\\\/\",\"name\":\"ATA Tow Tractors - Modena\",\"description\":\"Dal 1952 trainiamo grandi pesi. Nell\u2019industria, negli aeroporti.\",\"potentialAction\":[{\"@type\":\"SearchAction\",\"target\":{\"@type\":\"EntryPoint\",\"urlTemplate\":\"https:\\\/\\\/www.ata-modena.com\\\/en\\\/?s={search_term_string}\"},\"query-input\":{\"@type\":\"PropertyValueSpecification\",\"valueRequired\":true,\"valueName\":\"search_term_string\"}}],\"inLanguage\":\"fr-FR\"}]}<\/script>\n<!-- \/ Yoast SEO plugin. -->","yoast_head_json":{"title":"Utilis\u00e9 et location - ATA Tow Tractors - Modena","robots":{"index":"index","follow":"follow","max-snippet":"max-snippet:-1","max-image-preview":"max-image-preview:large","max-video-preview":"max-video-preview:-1"},"canonical":"https:\/\/www.ata-modena.com\/fr\/usato-e-noleggio\/","og_locale":"fr_FR","og_type":"article","og_title":"Utilis\u00e9 et location - ATA Tow Tractors - Modena","og_url":"https:\/\/www.ata-modena.com\/fr\/usato-e-noleggio\/","og_site_name":"ATA Tow Tractors - Modena","article_modified_time":"2019-10-04T14:21:28+00:00","og_image":[{"url":"https:\/\/www.ata-modena.com\/wp-content\/uploads\/2016\/02\/ata-modena-tow-tractor-ata-3600-usato-noleggio.png","type":"","width":"","height":""}],"twitter_card":"summary_large_image","twitter_misc":{"Dur\u00e9e de lecture estim\u00e9e":"10 minutes"},"schema":{"@context":"https:\/\/schema.org","@graph":[{"@type":"WebPage","@id":"https:\/\/www.ata-modena.com\/fr\/usato-e-noleggio\/","url":"https:\/\/www.ata-modena.com\/fr\/usato-e-noleggio\/","name":"Utilis\u00e9 et location - ATA Tow Tractors - Modena","isPartOf":{"@id":"https:\/\/www.ata-modena.com\/en\/#website"},"primaryImageOfPage":{"@id":"https:\/\/www.ata-modena.com\/fr\/usato-e-noleggio\/#primaryimage"},"image":{"@id":"https:\/\/www.ata-modena.com\/fr\/usato-e-noleggio\/#primaryimage"},"thumbnailUrl":"https:\/\/www.ata-modena.com\/wp-content\/uploads\/2016\/02\/ata-modena-tow-tractor-ata-3600-usato-noleggio.png","datePublished":"2016-06-29T11:26:20+00:00","dateModified":"2019-10-04T14:21:28+00:00","breadcrumb":{"@id":"https:\/\/www.ata-modena.com\/fr\/usato-e-noleggio\/#breadcrumb"},"inLanguage":"fr-FR","potentialAction":[{"@type":"ReadAction","target":["https:\/\/www.ata-modena.com\/fr\/usato-e-noleggio\/"]}]},{"@type":"ImageObject","inLanguage":"fr-FR","@id":"https:\/\/www.ata-modena.com\/fr\/usato-e-noleggio\/#primaryimage","url":"https:\/\/www.ata-modena.com\/wp-content\/uploads\/2016\/02\/ata-modena-tow-tractor-ata-3600-usato-noleggio.png","contentUrl":"https:\/\/www.ata-modena.com\/wp-content\/uploads\/2016\/02\/ata-modena-tow-tractor-ata-3600-usato-noleggio.png"},{"@type":"BreadcrumbList","@id":"https:\/\/www.ata-modena.com\/fr\/usato-e-noleggio\/#breadcrumb","itemListElement":[{"@type":"ListItem","position":1,"name":"Home","item":"https:\/\/www.ata-modena.com\/fr\/"},{"@type":"ListItem","position":2,"name":"Utilis\u00e9 et location"}]},{"@type":"WebSite","@id":"https:\/\/www.ata-modena.com\/en\/#website","url":"https:\/\/www.ata-modena.com\/en\/","name":"ATA Tow Tractors - Modena","description":"Dal 1952 trainiamo grandi pesi. Nell\u2019industria, negli aeroporti.","potentialAction":[{"@type":"SearchAction","target":{"@type":"EntryPoint","urlTemplate":"https:\/\/www.ata-modena.com\/en\/?s={search_term_string}"},"query-input":{"@type":"PropertyValueSpecification","valueRequired":true,"valueName":"search_term_string"}}],"inLanguage":"fr-FR"}]}},"_links":{"self":[{"href":"https:\/\/www.ata-modena.com\/fr\/wp-json\/wp\/v2\/pages\/1632","targetHints":{"allow":["GET"]}}],"collection":[{"href":"https:\/\/www.ata-modena.com\/fr\/wp-json\/wp\/v2\/pages"}],"about":[{"href":"https:\/\/www.ata-modena.com\/fr\/wp-json\/wp\/v2\/types\/page"}],"author":[{"embeddable":true,"href":"https:\/\/www.ata-modena.com\/fr\/wp-json\/wp\/v2\/users\/31"}],"replies":[{"embeddable":true,"href":"https:\/\/www.ata-modena.com\/fr\/wp-json\/wp\/v2\/comments?post=1632"}],"version-history":[{"count":5,"href":"https:\/\/www.ata-modena.com\/fr\/wp-json\/wp\/v2\/pages\/1632\/revisions"}],"predecessor-version":[{"id":2557,"href":"https:\/\/www.ata-modena.com\/fr\/wp-json\/wp\/v2\/pages\/1632\/revisions\/2557"}],"wp:attachment":[{"href":"https:\/\/www.ata-modena.com\/fr\/wp-json\/wp\/v2\/media?parent=1632"}],"curies":[{"name":"wp","href":"https:\/\/api.w.org\/{rel}","templated":true}]}}